{"id":1525,"date":"2025-07-24T08:16:18","date_gmt":"2025-07-24T06:16:18","guid":{"rendered":"https:\/\/naftictest.es\/gdeco\/datenschutzbestimmungen\/"},"modified":"2025-10-03T08:28:27","modified_gmt":"2025-10-03T06:28:27","slug":"datenschutzbestimmungen","status":"publish","type":"page","link":"https:\/\/gdeco.es\/de\/datenschutzbestimmungen\/","title":{"rendered":"Datenschutzbestimmungen"},"content":{"rendered":"<p data-start=\"67\" data-end=\"355\">G DECO informiert Sie auf dieser Seite \u00fcber seine Datenschutzrichtlinie in Bezug auf die Verarbeitung und den Schutz personenbezogener Daten von Nutzern und Kunden, die w\u00e4hrend des Surfens, beim Kauf eines Produkts oder beim Abschluss einer Dienstleistung \u00fcber diese Website erhoben werden k\u00f6nnen.<\/p>\n<p data-start=\"357\" data-end=\"775\">In diesem Zusammenhang erf\u00fcllt GDECO.ES die Verordnung (EU) 2016\/679 des Europ\u00e4ischen Parlaments und des Rates vom 27. April 2016 zum Schutz nat\u00fcrlicher Personen (DSGVO) und gew\u00e4hrleistet die Einhaltung der geltenden Vorschriften zum Schutz personenbezogener Daten, wie in dem Gesetz \u00fcber den Schutz personenbezogener Daten und die Garantie digitaler Rechte (LOPD GDD) vom 5. Dezember 2018 festgelegt.<\/p>\n<p data-start=\"777\" data-end=\"905\">Die Nutzung dieser Website setzt die Zustimmung zu dieser Datenschutzrichtlinie sowie zu den Bedingungen im Impressum voraus.<\/p>\n<p data-start=\"907\" data-end=\"1150\">DATEN DES VERANTWORTLICHEN F\u00dcR DIE VERARBEITUNG<br data-start=\"948\" data-end=\"951\">Firmenname: Gim\u00e9nez 2002, S.L (DER INHABER)<br data-start=\"1003\" data-end=\"1006\">Steueridentifikationsnummer: B97200216<br data-start=\"1042\" data-end=\"1045\">Sitz: Ctra. Tur\u00eds \u2013 Silla, km 1,6, 46389 Tur\u00eds, VALENCIA<br data-start=\"1112\" data-end=\"1115\">E-Mail: <a class=\"decorated-link cursor-pointer\" rel=\"noopener\" data-start=\"1135\" data-end=\"1148\">hola@gdeco.es<\/a> <\/p>\n<p data-start=\"1152\" data-end=\"1540\">ZWECK DER DATENVERARBEITUNG<br data-start=\"1194\" data-end=\"1197\">Der Hauptzweck der Verarbeitung besteht in der Verwaltung der Kundendaten zum Zweck der Bearbeitung von Bestellungen und Angeboten f\u00fcr die von uns angebotenen technologischen Produkte und Dienstleistungen, Rechnungsstellung, Vorf\u00e4llen, Kundendienst \u00fcber Beratungsdienste und After-Sales-Support, Vorfallsmanagement und Servicequalit\u00e4t.<\/p>\n<p data-start=\"1542\" data-end=\"2099\">Dar\u00fcber hinaus erteilen Sie uns durch die Bereitstellung Ihrer Daten ausdr\u00fccklich die Erlaubnis, Sie \u00fcber alle angegebenen Kontaktwege zu kontaktieren, um kommerzielle oder informative Mitteilungen zu senden. Wenn Sie unseren Leitfaden abonnieren, eine Bestellung aufgeben oder eine Anfrage stellen, stellen Sie uns Ihre E-Mail, Ihre Postanschrift und\/oder Ihre Telefonnummer zur Verf\u00fcgung und autorisieren uns ausdr\u00fccklich, Ihnen Werbung in Bezug auf unsere Produkte und Dienstleistungen auf jeglichem Wege (Post, E-Mail oder Telefon) zuzusenden und Sie zu von uns organisierten Veranstaltungen einzuladen. <\/p>\n<p data-start=\"2101\" data-end=\"2322\">AUFBEWAHRUNGSDAUER DER DATEN<br data-start=\"2139\" data-end=\"2142\">Die Daten werden gem\u00e4\u00df den geltenden handelsrechtlichen Bestimmungen aufbewahrt. Sie k\u00f6nnen jederzeit Ihr Recht auf L\u00f6schung, Berichtigung oder Streichung aus\u00fcben. <\/p>\n<p data-start=\"2324\" data-end=\"2424\">RECHTSGRUNDLAGE DER DATENVERARBEITUNG<br data-start=\"2371\" data-end=\"2374\">Rechtsgrundlage: Durchf\u00fchrung eines Vertrags (kommerziell)<\/p>\n<p data-start=\"2426\" data-end=\"2549\">Gesetzliche Verpflichtung (K\u00f6nigliches Gesetzesdekret 1\/2007 vom 16. November und andere erg\u00e4nzende Vorschriften, Handelsgesetzbuch)<\/p>\n<p data-start=\"2551\" data-end=\"2725\">EMPF\u00c4NGER DER DATEN<br data-start=\"2581\" data-end=\"2584\">Datenempf\u00e4nger: Steuerbeh\u00f6rde, Banken, zust\u00e4ndige \u00f6ffentliche Verwaltung, Partnerunternehmen<\/p>\n<p data-start=\"2727\" data-end=\"2852\">AUS\u00dcBUNG DER RECHTE<br data-start=\"2752\" data-end=\"2755\">Zugang, Berichtigung, Widerspruch, L\u00f6schung, automatisierte Entscheidungen, Einschr\u00e4nkung, Portabilit\u00e4t<\/p>\n<p data-start=\"2854\" data-end=\"2881\">Antwortfrist: 1 Monat<\/p>\n<p data-start=\"2883\" data-end=\"3102\">Sie k\u00f6nnen Ihre Rechte auf folgende Weise aus\u00fcben: E-Mail an <a class=\"decorated-link cursor-pointer\" rel=\"noopener\" data-start=\"2948\" data-end=\"2961\">hola@gdeco.es<\/a>, unter Beif\u00fcgung von Unterlagen, die die Identit\u00e4t des Antragstellers nachweisen (Kopie der Vorderseite des Personalausweises oder gleichwertig).<\/p>\n<p data-start=\"3104\" data-end=\"3223\">In jedem Fall k\u00f6nnen Sie den Schutz der Spanischen Datenschutzagentur \u00fcber deren Website beantragen.<\/p>\n<p data-start=\"3225\" data-end=\"3512\">\u00c4NDERUNGEN AN DIESER DATENSCHUTZRICHTLINIE<br data-start=\"3274\" data-end=\"3277\">Wir behalten uns das Recht vor, diese Richtlinie anzupassen, um sie an gesetzliche oder gerichtliche Neuerungen sowie an Branchenpraktiken anzupassen. In solchen F\u00e4llen werden die \u00c4nderungen auf dieser Seite ver\u00f6ffentlicht. <\/p>\n","protected":false},"excerpt":{"rendered":"<p>G DECO informiert Sie auf dieser Seite \u00fcber seine Datenschutzrichtlinie in Bezug auf die Verarbeitung und den Schutz personenbezogener Daten [&hellip;]<\/p>\n","protected":false},"author":1,"featured_media":0,"parent":0,"menu_order":0,"comment_status":"closed","ping_status":"closed","template":"page-templates\/full-width.php","meta":{"footnotes":""},"class_list":["post-1525","page","type-page","status-publish","hentry"],"_links":{"self":[{"href":"https:\/\/gdeco.es\/de\/wp-json\/wp\/v2\/pages\/1525","targetHints":{"allow":["GET"]}}],"collection":[{"href":"https:\/\/gdeco.es\/de\/wp-json\/wp\/v2\/pages"}],"about":[{"href":"https:\/\/gdeco.es\/de\/wp-json\/wp\/v2\/types\/page"}],"author":[{"embeddable":true,"href":"https:\/\/gdeco.es\/de\/wp-json\/wp\/v2\/users\/1"}],"replies":[{"embeddable":true,"href":"https:\/\/gdeco.es\/de\/wp-json\/wp\/v2\/comments?post=1525"}],"version-history":[{"count":1,"href":"https:\/\/gdeco.es\/de\/wp-json\/wp\/v2\/pages\/1525\/revisions"}],"predecessor-version":[{"id":1786,"href":"https:\/\/gdeco.es\/de\/wp-json\/wp\/v2\/pages\/1525\/revisions\/1786"}],"wp:attachment":[{"href":"https:\/\/gdeco.es\/de\/wp-json\/wp\/v2\/media?parent=1525"}],"curies":[{"name":"wp","href":"https:\/\/api.w.org\/{rel}","templated":true}]}}