{"id":1511,"date":"2025-07-24T08:13:01","date_gmt":"2025-07-24T06:13:01","guid":{"rendered":"https:\/\/naftictest.es\/gdeco\/conditions-de-vente\/"},"modified":"2025-10-02T17:11:52","modified_gmt":"2025-10-02T15:11:52","slug":"conditions-de-vente","status":"publish","type":"page","link":"https:\/\/gdeco.es\/fr\/conditions-de-vente\/","title":{"rendered":"Conditions de vente"},"content":{"rendered":"<p>G DECO vous informe sur cette page de sa Politique de Confidentialit\u00e9 concernant le traitement et la protection des donn\u00e9es personnelles des utilisateurs et clients pouvant \u00eatre recueillies lors de la navigation, lors de l\u2019achat d\u2019un produit ou de la souscription d\u2019un service via ce site web.<br \/>\n\u00c0 cet \u00e9gard, GDECO.ES respecte le R\u00e8glement (UE) 2016\/679 du Parlement Europ\u00e9en et du Conseil du 27 avril 2016 relatif \u00e0 la protection des personnes physiques (RGPD) et garantit le respect de la l\u00e9gislation en vigueur en mati\u00e8re de protection des donn\u00e9es personnelles, refl\u00e9t\u00e9e dans la Loi Organique 3\/2018 du 5 d\u00e9cembre sur la Protection des Donn\u00e9es Personnelles et la Garantie des Droits Num\u00e9riques (LOPD GDD).<\/p>\n<p>L\u2019utilisation de ce site Web implique l\u2019acceptation de cette Politique de Confidentialit\u00e9 ainsi que des conditions incluses dans l\u2019Avis L\u00e9gal.<\/p>\n<p>DONN\u00c9ES DU RESPONSABLE DU TRAITEMENT<br \/>\nNom de l\u2019entreprise : Gim\u00e9nez 2002, S.L. (LE TITULAIRE)<br \/>\nIdentifiant fiscal (CIF) : B97200216<br \/>\nSi\u00e8ge social : Ctra. Tur\u00eds &#8211; Silla, km 1,6, 46389 Tur\u00eds, Valence<br \/>\nE-mail : gdeco@gdeco.es <\/p>\n<p>FINALIT\u00c9 DU TRAITEMENT DES DONN\u00c9ES<br \/>\nLa finalit\u00e9 principale du traitement est de g\u00e9rer les donn\u00e9es des clients pour la gestion des commandes et devis des produits et services technologiques que nous proposons, la facturation, les incidents, le service client via le service de demandes et le service apr\u00e8s-vente, ainsi que la gestion des incidents et la qualit\u00e9 du service.<br \/>\nDe plus, en fournissant vos donn\u00e9es, vous nous autorisez express\u00e9ment \u00e0 vous contacter par tout moyen de contact fourni afin de r\u00e9aliser des communications commerciales ou informatives. Lorsque vous vous inscrivez \u00e0 notre guide, passez une commande ou faites une demande, vous nous fournissez votre e-mail, votre adresse postale et\/ou votre t\u00e9l\u00e9phone, nous autorisant express\u00e9ment \u00e0 vous envoyer de la publicit\u00e9 li\u00e9e \u00e0 nos produits et services par tout moyen (postal, email ou t\u00e9l\u00e9phone) et \u00e0 vous inviter \u00e0 des \u00e9v\u00e9nements organis\u00e9s par l\u2019entreprise.<br \/>\nDUR\u00c9E DE CONSERVATION DES DONN\u00c9ES<br \/>\nLes donn\u00e9es seront conserv\u00e9es conform\u00e9ment \u00e0 la l\u00e9gislation commerciale applicable. Vous pouvez exercer votre droit d\u2019annulation, de rectification ou de suppression \u00e0 tout moment.  <\/p>\n<p>BASE L\u00c9GALE DU TRAITEMENT DES DONN\u00c9ES<br \/>\nBase l\u00e9gale : Ex\u00e9cution d\u2019un contrat (commercial)<br \/>\nObligation l\u00e9gale (D\u00e9cret l\u00e9gislatif royal 1\/2007 du 16 novembre et autres r\u00e9glementations compl\u00e9mentaires, Code du Commerce)<\/p>\n<p>DESTINATAIRES DES DONN\u00c9ES<br \/>\nDestinataires : Administration fiscale, \u00e9tablissements bancaires, administration publique comp\u00e9tente, entreprises collaboratrices<\/p>\n<p>EXERCICE DES DROITS<br \/>\nAcc\u00e8s, rectification, opposition, suppression, d\u00e9cisions automatis\u00e9es, limitation, portabilit\u00e9<br \/>\nD\u00e9lai de r\u00e9ponse : 1 mois<br \/>\nVous pouvez exercer vos droits via le moyen suivant : Email \u00e0 hola@gdeco.es, en fournissant une documentation prouvant l\u2019identit\u00e9 du demandeur (copie du recto de la carte d\u2019identit\u00e9 nationale ou \u00e9quivalent).<br \/>\nDans tous les cas, vous pouvez demander la protection de l\u2019Agence espagnole de protection des donn\u00e9es via son site web.<\/p>\n<p>MODIFICATIONS DE LA PR\u00c9SENTE POLITIQUE DE CONFIDENTIALIT\u00c9<br \/>\nNous nous r\u00e9servons le droit de modifier la pr\u00e9sente politique afin de l\u2019adapter aux changements l\u00e9gislatifs ou jurisprudentiels, ainsi qu\u2019aux pratiques du secteur. Dans ces cas, les modifications seront publi\u00e9es sur cette page. <\/p>\n","protected":false},"excerpt":{"rendered":"<p>G DECO vous informe sur cette page de sa Politique de Confidentialit\u00e9 concernant le traitement et la protection des donn\u00e9es [&hellip;]<\/p>\n","protected":false},"author":1,"featured_media":0,"parent":0,"menu_order":0,"comment_status":"closed","ping_status":"closed","template":"page-templates\/full-width.php","meta":{"footnotes":""},"class_list":["post-1511","page","type-page","status-publish","hentry"],"_links":{"self":[{"href":"https:\/\/gdeco.es\/fr\/wp-json\/wp\/v2\/pages\/1511","targetHints":{"allow":["GET"]}}],"collection":[{"href":"https:\/\/gdeco.es\/fr\/wp-json\/wp\/v2\/pages"}],"about":[{"href":"https:\/\/gdeco.es\/fr\/wp-json\/wp\/v2\/types\/page"}],"author":[{"embeddable":true,"href":"https:\/\/gdeco.es\/fr\/wp-json\/wp\/v2\/users\/1"}],"replies":[{"embeddable":true,"href":"https:\/\/gdeco.es\/fr\/wp-json\/wp\/v2\/comments?post=1511"}],"version-history":[{"count":2,"href":"https:\/\/gdeco.es\/fr\/wp-json\/wp\/v2\/pages\/1511\/revisions"}],"predecessor-version":[{"id":1777,"href":"https:\/\/gdeco.es\/fr\/wp-json\/wp\/v2\/pages\/1511\/revisions\/1777"}],"wp:attachment":[{"href":"https:\/\/gdeco.es\/fr\/wp-json\/wp\/v2\/media?parent=1511"}],"curies":[{"name":"wp","href":"https:\/\/api.w.org\/{rel}","templated":true}]}}